{"id":374,"date":"2021-02-09T09:45:31","date_gmt":"2021-02-09T09:45:31","guid":{"rendered":"https:\/\/www.nosci.mk\/?page_id=374"},"modified":"2021-05-26T09:40:46","modified_gmt":"2021-05-26T07:40:46","slug":"politika-e-privatesise","status":"publish","type":"page","link":"https:\/\/www.nosci.mk\/?page_id=374&lang=sq","title":{"rendered":"Politika e privat\u00ebsis\u00eb"},"content":{"rendered":"\n<p>Kjo politik\u00eb e privat\u00ebsis\u00eb ofron informacione t\u00eb p\u00ebrgjithshme n\u00eb lidhje me p\u00ebrpunimin e t\u00eb dh\u00ebnave personale kur vizitoni k\u00ebt\u00eb faqe n\u00eb internet dhe \/ ose p\u00ebrdorni ndonj\u00eb nga sh\u00ebrbimet tona p\u00ebrmes saj. Ne mbledhim vet\u00ebm ato t\u00eb dh\u00ebna personale q\u00eb jan\u00eb t\u00eb nevojshme p\u00ebr t\u00eb arritur q\u00ebllimet e&nbsp;Nism\u00ebs komb\u00ebtare p\u00ebr shkenc\u00ebn e hapur (Cloud)&nbsp;(NOSCI.mk).<strong><\/strong><\/p>\n\n\n\n<h5 class=\"wp-block-heading\">Kontrolluesi i koleksioneve t\u00eb t\u00eb dh\u00ebnave personale<\/h5>\n\n\n\n<p>Kontrolluesi i t\u00eb dh\u00ebnave personale \u00ebsht\u00eb Fakulteti i Shkencave t\u00eb Informacionit dhe Inxhinieris\u00eb Kompjuterike, n\u00eb rr. Rugjer Boshkoviq 16, Shkup, Republika e Maqedonis\u00eb s\u00eb&nbsp;Veriut.<\/p>\n\n\n\n<p>T\u00eb dh\u00ebnat personale p\u00ebrpunohen n\u00eb p\u00ebrputhje me dispozitat e Ligjit p\u00ebr Mbrojtjen e t\u00eb Dh\u00ebnave Personale.<\/p>\n\n\n\n<p>Zyrtari p\u00ebr mbrojtjen e t\u00eb dh\u00ebnave personale:<\/p>\n\n\n\n<p>Vladislav Bidikov<\/p>\n\n\n\n<p><a href=\"mailto:vladislav.bidikov@finki.ukim.mk\" target=\"_blank\" rel=\"noreferrer noopener\"><strong>vladislav.bidikov@finki.ukim.mk<\/strong><\/a><\/p>\n\n\n\n<h5 class=\"wp-block-heading\">\u00c7far\u00eb t\u00eb&nbsp;dh\u00ebnash mbledhim?<\/h5>\n\n\n\n<p>Mund t\u00eb mbledhim t\u00eb dh\u00ebna n\u00eb lidhje me personat e kategorive t\u00eb m\u00ebposhtme:<\/p>\n\n\n\n<ul class=\"wp-block-list\"><li>Vizitor\u00ebt n\u00eb faqen ton\u00eb t\u00eb internetit nosci.mk. Ne zakonisht mbledhim t\u00eb dh\u00ebna navigimi (shih m\u00eb posht\u00eb) t\u00eb cilat p\u00ebrdoren p\u00ebr t\u00eb analizuar t\u00eb dh\u00ebnat nga vizitat n\u00eb faqen ton\u00eb t\u00eb internetit si dhe p\u00ebr t\u00eb ruajtur sigurin\u00eb e informacionit n\u00eb faqen ton\u00eb t\u00eb internetit. P\u00ebr m\u00eb shum\u00eb n\u00eb lidhje me p\u00ebrdorimin e cookies, lexoni politik\u00ebn ton\u00eb p\u00ebr cookie-t.<\/li><li>T\u00eb dh\u00ebna p\u00ebr personat q\u00eb do t\u00eb jen\u00eb pjes\u00eb e iniciativ\u00ebs, dmth. persona t\u00eb cil\u00ebt jan\u00eb n\u00ebnshkrues t\u00eb Deklarat\u00ebs &#8211; T\u00eb dh\u00ebna personale t\u00eb studiuesve t\u00eb cil\u00ebt jan\u00eb n\u00ebnshkrues t\u00eb Deklarat\u00ebs s\u00eb&nbsp;Nism\u00ebs komb\u00ebtare p\u00ebr shkenc\u00ebn e hapur (Cloud)&nbsp;(NOSCI.mk).&nbsp;T\u00eb dh\u00ebna p\u00ebr institucionet n\u00ebnshkruese t\u00eb Deklarat\u00ebs &#8211; T\u00eb dh\u00ebna p\u00ebr institucionet q\u00eb mb\u00ebshtesin Deklarat\u00ebn e&nbsp;Nism\u00ebs komb\u00ebtare p\u00ebr shkenc\u00ebn e hapur (Cloud)&nbsp;(NOSCI.mk).<\/li><\/ul>\n\n\n\n<h5 class=\"wp-block-heading\">Kategorit\u00eb e t\u00eb dh\u00ebnave q\u00eb do t\u00eb p\u00ebrpunohen:<\/h5>\n\n\n\n<p>1. T\u00eb dh\u00ebnat e navigimit<\/p>\n\n\n\n<p>Kur vizitoni faqen ton\u00eb t\u00eb internetit, serveri, p\u00ebr secilin vizitor krijon regjistra me t\u00eb dh\u00ebnat e m\u00ebposhtme:<\/p>\n\n\n\n<ul class=\"wp-block-list\"><li>Adresa e Internetit Protokollit (IP-s\u00eb) tuaj;<\/li><li>Pajisja nga e cila qaseni, lloji dhe modeli i saj;<\/li><li>Sistemi juaj operativ;<\/li><li>Lloji i shfletuesit, shtojcat dhe versioni;<\/li><li>Faqet q\u00eb vizitoni n\u00eb faqen ton\u00eb t\u00eb internetit dhe koh\u00ebn q\u00eb kaloni n\u00eb secil\u00ebn faqe;<\/li><li>URL-n\u00eb&nbsp;e faqes q\u00eb ju ridrejtoi n\u00eb faqen ton\u00eb t\u00eb internetit dhe n\u00eb disa raste, termat q\u00eb keni p\u00ebrdorur n\u00eb p\u00ebrpjekjen p\u00ebr t\u00eb gjetur faqen HPC.mk;<\/li><li>Gjuha e shfletuesit q\u00eb po p\u00ebrdorni;<\/li><li>Shteti (specifikuar p\u00ebrmes IP adres\u00ebs).<\/li><\/ul>\n\n\n\n<p>Ne mir\u00ebmbajm\u00eb serverat n\u00eb m\u00ebnyr\u00eb t\u00eb pavarur dhe kryejm\u00eb n\u00eb m\u00ebnyr\u00eb interne t\u00eb gjitha aktivitetet n\u00eb faqen ton\u00eb t\u00eb internetit, duke p\u00ebrfshir\u00eb regjistrat q\u00eb krijohen dhe analiz\u00ebn e t\u00eb dh\u00ebnave q\u00eb transmetohen nga vizitat n\u00eb faqen ton\u00eb t\u00eb internetit.<\/p>\n\n\n\n<ol class=\"wp-block-list\" type=\"1\" start=\"2\"><li>\u00a0T\u00eb dh\u00ebnat q\u00eb p\u00ebrdoruesit i dor\u00ebzojn\u00eb vullnetarisht<\/li><\/ol>\n\n\n\n<p>T\u00eb dh\u00ebnat personale q\u00eb ne mbledhim nga vizita juaj n\u00eb faqen ton\u00eb t\u00eb internetit jan\u00eb ato q\u00eb dor\u00ebzoni vullnetarisht p\u00ebr regjistrimin e ekspert\u00ebve ose p\u00ebr regjistrimin e personave juridik\u00eb.<\/p>\n\n\n\n<p>Ne mund t\u00eb mbledhim ndonj\u00eb nga kategorit\u00eb e m\u00ebposhtme t\u00eb t\u00eb dh\u00ebnave personale: emrin dhe mbiemrin, emailin e kontaktit, institucionin, si dhe emrin e institucionit, emrin dhe mbiemrin e personit t\u00eb autorizuar, emailin e kontaktit.<\/p>\n\n\n\n<h5 class=\"wp-block-heading\">Si i mbledhim t\u00eb dh\u00ebnat personale<\/h5>\n\n\n\n<p>Ne mbledhim t\u00eb dh\u00ebna personale p\u00ebrmes kanaleve t\u00eb ndryshme, duke p\u00ebrfshir\u00eb:<\/p>\n\n\n\n<ul class=\"wp-block-list\"><li>p\u00ebrmes p\u00ebrdorimit tuaj t\u00eb k\u00ebsaj faqes n\u00eb internet, duke i p\u00ebrfshir\u00eb edhe format e aplikimit;<\/li><\/ul>\n\n\n\n<h5 class=\"wp-block-heading\">Kategorit\u00eb e p\u00ebrdoruesve t\u00eb t\u00eb dh\u00ebnave personale:<\/h5>\n\n\n\n<p>Aktivitetet e p\u00ebrpunimit t\u00eb t\u00eb dh\u00ebnave personale n\u00eb lidhje me aktivitetet p\u00ebr realizimin e aktiviteteve t\u00eb&nbsp;Nism\u00ebs komb\u00ebtare p\u00ebr shkenc\u00ebn e hapur (Cloud)&nbsp;(NOSCI.mk), koordinator i s\u00eb cil\u00ebs \u00ebsht\u00eb FINKI.<\/p>\n\n\n\n<p>Nuk shp\u00ebrndajm\u00eb informacione p\u00ebr ju dhe \/ ose vizit\u00ebn tuaj n\u00eb faqen ton\u00eb t\u00eb internetit tek pal\u00ebt e treta, p\u00ebrve\u00e7 n\u00eb rastet e m\u00ebposhtme:<\/p>\n\n\n\n<p>\u2022 Me k\u00ebrkes\u00eb t\u00eb gjykat\u00ebs, policis\u00eb ose autoriteteve t\u00eb tjera p\u00ebr t\u00eb ushtruar kompetencat e tyre dhe vet\u00ebm n\u00ebse ekziston nj\u00eb baz\u00eb ligjore p\u00ebr ta b\u00ebr\u00eb k\u00ebt\u00eb<\/p>\n\n\n\n<h5 class=\"wp-block-heading\">Koha e ruajtjes s\u00eb t\u00eb dh\u00ebnave t\u00eb mbledhura:<\/h5>\n\n\n\n<p>T\u00eb dh\u00ebnat q\u00eb mbledhim ruhen n\u00eb p\u00ebrputhje me ligjin dhe periudh\u00ebn e k\u00ebrkuar p\u00ebr t\u00eb arritur q\u00ebllimin e p\u00ebrpunimit dhe p\u00ebrcaktohen nga afatet p\u00ebr ruajtjen e t\u00eb dh\u00ebnave personale t\u00eb FINKI.<\/p>\n\n\n\n<h5 class=\"wp-block-heading\">Cilat jan\u00eb t\u00eb drejtat tuaja?<\/h5>\n\n\n\n<p>T\u00eb drejtat tuaja n\u00eb lidhje me p\u00ebrpunimin e t\u00eb dh\u00ebnave personale jan\u00eb:<\/p>\n\n\n\n<ul class=\"wp-block-list\"><li>e drejta p\u00ebr tu informuar n\u00eb lidhje me p\u00ebrpunimin e t\u00eb dh\u00ebnave personale<\/li><li>e drejta p\u00ebr t\u00eb parashtruar ankes\u00eb<\/li><\/ul>\n\n\n\n<p>P\u00ebr informacion shtes\u00eb dhe \/ ose ushtrimin e t\u00eb drejtave tuaja t\u00eb privat\u00ebsis\u00eb, mund t\u00eb kontaktoni Zyrtarin ton\u00eb p\u00ebr mbrojtjen e t\u00eb dh\u00ebnave personale.<\/p>\n\n\n\n<h5 class=\"wp-block-heading\">E drejta p\u00ebr t\u00eb parashtruar k\u00ebrkes\u00eb n\u00eb FINKI<\/h5>\n\n\n\n<p>N\u00ebse konsideroni se m\u00ebnyra se si FINKI p\u00ebrpunon t\u00eb dh\u00ebnat tuaja personale shkel dispozitat e Ligjit p\u00ebr Mbrojtjen e t\u00eb Dh\u00ebnave Personale, ju mund t\u00eb paraqisni nj\u00eb k\u00ebrkes\u00eb tek FINKI si nj\u00eb organ mbik\u00ebqyr\u00ebs, e cila do t\u00eb trajtohet n\u00eb t\u00eb nj\u00ebjt\u00ebn m\u00ebnyr\u00eb si \u00e7do k\u00ebrkes\u00eb tjet\u00ebr e paraqitur, sipas Nenit 97 t\u00eb Ligjit p\u00ebr mbrojtjen e t\u00eb dh\u00ebnave personale.<\/p>\n\n\n\n<h5 class=\"wp-block-heading\">Ndryshimi i politik\u00ebs s\u00eb privat\u00ebsis\u00eb<\/h5>\n\n\n\n<p>Politika e privat\u00ebsis\u00eb do t\u00eb ndryshohet dhe plot\u00ebsohet rregullisht n\u00eb p\u00ebrputhje me ndryshimet dhe aktivitetet tona.<\/p>\n","protected":false},"excerpt":{"rendered":"<p>Kjo politik\u00eb e privat\u00ebsis\u00eb ofron informacione t\u00eb p\u00ebrgjithshme n\u00eb lidhje me p\u00ebrpunimin e t\u00eb dh\u00ebnave personale kur vizitoni k\u00ebt\u00eb faqe n\u00eb internet dhe \/ ose p\u00ebrdorni ndonj\u00eb nga sh\u00ebrbimet tona p\u00ebrmes saj. Ne mbledhim vet\u00ebm ato t\u00eb dh\u00ebna personale q\u00eb jan\u00eb t\u00eb nevojshme p\u00ebr t\u00eb arritur q\u00ebllimet e&nbsp;Nism\u00ebs komb\u00ebtare p\u00ebr shkenc\u00ebn e hapur (Cloud)&nbsp;(NOSCI.mk). Kontrolluesi [&hellip;]<\/p>\n","protected":false},"author":1,"featured_media":0,"parent":0,"menu_order":0,"comment_status":"closed","ping_status":"open","template":"","meta":{"footnotes":""},"class_list":["post-374","page","type-page","status-publish","hentry"],"_links":{"self":[{"href":"https:\/\/www.nosci.mk\/index.php?rest_route=\/wp\/v2\/pages\/374","targetHints":{"allow":["GET"]}}],"collection":[{"href":"https:\/\/www.nosci.mk\/index.php?rest_route=\/wp\/v2\/pages"}],"about":[{"href":"https:\/\/www.nosci.mk\/index.php?rest_route=\/wp\/v2\/types\/page"}],"author":[{"embeddable":true,"href":"https:\/\/www.nosci.mk\/index.php?rest_route=\/wp\/v2\/users\/1"}],"replies":[{"embeddable":true,"href":"https:\/\/www.nosci.mk\/index.php?rest_route=%2Fwp%2Fv2%2Fcomments&post=374"}],"version-history":[{"count":1,"href":"https:\/\/www.nosci.mk\/index.php?rest_route=\/wp\/v2\/pages\/374\/revisions"}],"predecessor-version":[{"id":375,"href":"https:\/\/www.nosci.mk\/index.php?rest_route=\/wp\/v2\/pages\/374\/revisions\/375"}],"wp:attachment":[{"href":"https:\/\/www.nosci.mk\/index.php?rest_route=%2Fwp%2Fv2%2Fmedia&parent=374"}],"curies":[{"name":"wp","href":"https:\/\/api.w.org\/{rel}","templated":true}]}}